{"id":13,"date":"2012-01-11T19:21:24","date_gmt":"2012-01-11T19:21:24","guid":{"rendered":"http:\/\/andrerauch.echecs-saverne.net\/wordpress\/?page_id=13"},"modified":"2025-04-22T16:13:51","modified_gmt":"2025-04-22T15:13:51","slug":"publications","status":"publish","type":"page","link":"https:\/\/andre-rauch.eu\/wordpress\/publications\/","title":{"rendered":"Publications"},"content":{"rendered":"<p><strong>LIVRES<\/strong> <a href=\"#2021\">2021<\/a><\/p>\n<p>1982<\/p>\n<p>Le corps en \u00e9ducation physique. Histoire et principes de l&#8217;entra\u00eenement, Presses Universitaires de France, Paris.<\/p>\n<p>1983<\/p>\n<p>Le souci du corps. Histoire de l&#8217;hygi\u00e8ne en \u00e9ducation physique, Presses Universitaires de France. Paris.<\/p>\n<p>1985<\/p>\n<p>El cuerpo en la educacion fisica, Kapelusz, Buenos Aires.<\/p>\n<p>1988<\/p>\n<p>Vacances et pratiques corporelles. La naissance des morales du d\u00e9paysement. P.U.F. Paris.<\/p>\n<p>1992<\/p>\n<p>Boxe, violence du XX \u00e8me si\u00e8cle, Aubier-Flammarion.<\/p>\n<p>1993<\/p>\n<p>Les Vacances, Presses Universitaires de France, Coll. Que sais-je\u00a0?<\/p>\n<p>1995<\/p>\n<p>Histoire de la sant\u00e9, Presses Universitaires de France, Coll. Que sais-je\u00a0?<\/p>\n<p>1998<\/p>\n<p>Vacances en France de 1830 \u00e0 nos jours, \u00c9dit. Hachette, Coll. La vie quotidienne.<\/p>\n<p>2000<\/p>\n<p>Le Premier sexe. Mutations et crise de l&#8217;identit\u00e9 masculine, Hachette-Litt\u00e9ratures, coll. Essais.<\/p>\n<p>2004<\/p>\n<p>L\u2019identit\u00e9 masculine \u00e0 l\u2019ombre des femmes. De la Grande Guerre \u00e0 la Gay Pride, Hachette Litt\u00e9ratures.<\/p>\n<p>2006<\/p>\n<p>Histoire du Premier sexe de la R\u00e9volution \u00e0 nos jours, Hachette-Pluriel (r\u00e9\u00e9d. revue et compl\u00e9t\u00e9e).<\/p>\n<p>2007<\/p>\n<p>P\u00e8res d\u2019hier, p\u00e8res d\u2019aujourd\u2019hui. Du paterfamilias au p\u00e8re ADN, \u00e9ditions Nathan.<\/p>\n<p>2009<\/p>\n<p>L\u2019amour \u00e0 la lumi\u00e8re du crime. 1936-2007, Hachette-Litt\u00e9ratures.<\/p>\n<p>2012<\/p>\n<p>L\u2019historien, le juge et l\u2019assassin, (Dir. Myriam Tsikounas, Andr\u00e9 Rauch), Publications de la Sorbonne.<\/p>\n<p>2013<\/p>\n<p>Paresse. Histoire d&#8217;un p\u00e9ch\u00e9 capital, \u00c9ditions Armand Colin.<\/p>\n<p>2016<\/p>\n<p>Luxure. Une histoire entre p\u00e9ch\u00e9 et jouissance, \u00c9ditions Dunod, collection Armand Colin, octobre 2016<\/p>\n<p>Le sarcasme du mal. Histoire de la cruaut\u00e9 depuis la Renaissance, (Direction et Introductions), Presses Universitaires de Rennes, juin 2016<\/p>\n<p>2021<\/p>\n<p>L&#8217;Envie, une passion tourment\u00e9e. \u00c9ditions Champ Vallon : entretiens sur <a href=\"https:\/\/www.radiofrance.fr\/franceculture\/podcasts\/concordance-des-temps\/l-envie-devorante-9145227\">France Culture<\/a> (Concordance des temps, J-N Jeanneney), <a href=\"https:\/\/www.radiofrance.fr\/franceinter\/podcasts\/vie-quotidienne-mode-d-emploi\/pourquoi-suis-je-envieux-6678300\">France Inter<\/a> (Grand bien vous fasse, A Rebeihi) dans <a href=\"https:\/\/www.liberation.fr\/idees-et-debats\/andre-rauch-lenvie-est-mere-de-toutes-les-haines-20220108_LDAJU6B5YBHBDJIPKYARGJXIPE\/?redirected=1\">Lib\u00e9ration<\/a>, portrait dans <a href=\"https:\/\/www.lalsace.fr\/culture-loisirs\/2022\/01\/17\/diaporama-andre-rauch-une-histoire-eclectique-entre-sport-philosophie-et-psychologie\">L&#8217;Alsace<\/a>, comptes rendus dans <a href=\"https:\/\/andre-rauch.eu\/wordpress\/wp-content\/uploads\/2022\/06\/LHISTOIRE-VIGARELLO.pdf\">L&#8217;Histoire<\/a>, <a href=\"https:\/\/esprit.presse.fr\/actualite-des-livres\/esprit\/l-envie-une-passion-tourmentee-d-andre-rauch-44073\">Esprit<\/a>, <a href=\"https:\/\/www.nonfiction.fr\/article-11078-lenvie-reflet-de-levolution-de-nos-societes.htm\">Nonfiction<\/a>, <a href=\"http:\/\/www.slate.fr\/story\/219663\/envie-passion-tourmentee-reflet-evolution-societe\">Slate<\/a><\/p>\n<p>&nbsp;<\/p>\n<p><strong>TRAVAUX ET PUBLICATIONS.<\/strong><\/p>\n<p>1969<\/p>\n<p>&#8220;Ma\u00eetrise de l&#8217;espace et \u00e9ducation du corps&#8221;, in : Bulletin d&#8217;Education Physique. Institut National des Sports de Tunis (D\u00e9cembre).<\/p>\n<p>1970<br \/>\n&#8220;Etes-vous dou\u00e9\u00a0in : Revue Education Physique et Sport (Mai-Juin).<\/p>\n<p>1971<br \/>\n&#8220;Le f\u00e9tichisme du corps&#8221;, in : Revue L&#8217;Homme Sain, n\u00b03.<\/p>\n<p>&#8220;Modes et mod\u00e8les de l&#8217;apprentissage en \u00e9ducation physique&#8221;, in : Les Cahiers Scientifiques de l&#8217;Education Physique.<\/p>\n<p>1972<br \/>\n&#8220;La psychomotricit\u00e9\u00a0: questions sur l&#8217;\u00e9ducation, ou l&#8217;\u00e9ducation en question&#8221;, in : Education Physique et Sport (Juillet).<\/p>\n<p>1973<br \/>\n&#8220;Histoire de l&#8217;\u00e9ducation physique. Tableau synoptique&#8221;, in : La Gymnastique Volontaire, n\u00b02.<\/p>\n<p>1974<br \/>\n&#8220;R\u00e9flexions sur les courants th\u00e9oriques, leur influence et leur place en \u00e9ducation physique&#8221;, in : La Gymnastique Volontaire, n\u00b03.<\/p>\n<p>1975<br \/>\n&#8220;Le corps, lieu d&#8217;un double symbolisme politique&#8221;, in : La Gymnastique Volontaire, n\u00b03.<\/p>\n<p>&#8220;Corps et agressivit\u00e9&#8221;, in : Bulletin de Psychologie, 314, XXVIII, pp. 1-6, 1974\/75.<\/p>\n<p>&#8220;Entre le clos et l&#8217;ouvert&#8221;, in : Revue Esprit, n\u00b05.<\/p>\n<p>1978<br \/>\n&#8220;Naissance du Sport au XIX \u00e8me si\u00e8cle&#8221;, in : La Gymnastique Volontaire, n\u00b05.<\/p>\n<p>&#8220;Les voies de l&#8217;autorit\u00e9 en \u00e9ducation physique&#8221;, Communication au Congr\u00e8s International de l&#8217;HISPA. Publi\u00e9 par : Education Physique et Sport (Juillet).<\/p>\n<p>&#8220;Le souci du corps chez Condillac&#8221;, in : Stadion. Zeitschrift f\u00fcr Geschichte des Sports und der K\u00f6rperkultur.<\/p>\n<p>1980<br \/>\n&#8220;La notion de training au XVIII \u00e8me si\u00e8cle&#8221;, in : Travaux et Recherches en EPS de l&#8217;INSEP, n\u00b06.<\/p>\n<p>1981<br \/>\n&#8220;La photo, paradis des champions. Pour une s\u00e9miologie de la photographie sportive&#8221;, in : STAPS, n\u00b0 3.<\/p>\n<p>Le souci du corps\u00a0: histoire d&#8217;un territoire p\u00e9dagogique. Th\u00e8se d&#8217;Etat pour le Doctorat \u00e8s Lettres. Universit\u00e9 de Paris-Sorbonne (Dir.\u00a0: Georges SNYDERS).<\/p>\n<p>&#8220;Hygi\u00e8ne et \u00e9ducation au XIX \u00e8me si\u00e8cle&#8221;. Communication au Colloque International de l&#8217;Histoire de l&#8217;Education. C.I.E.P. de S\u00e8vres, septembre 1981.<\/p>\n<p>&#8220;Le corps, enjeu d&#8217;un territoire p\u00e9dagogique&#8221;, in : Ethnopsychologie. Revue de psychologie des peuples. n\u00b04, octobre-septembre.<\/p>\n<p>&#8220;La politique scolaire en mati\u00e8re de gymnastique au XIX \u00e8me si\u00e8cle&#8221;. in : Historical Reflections.<\/p>\n<p>1982<br \/>\n&#8220;A\u00e9rer, respirer, souffler. \u00c9l\u00e9ments pour une histoire de l&#8217;air p\u00e9dagogique&#8221;, in : Revue Les Amis de S\u00e8vres, n\u00b0 1, mars 1982.<\/p>\n<p>1983<br \/>\n&#8220;Les techniques documentaires dans la recherche en sciences humaines et en sciences sociales&#8221;, in : STAPS, mai.<\/p>\n<p>1984<br \/>\n&#8220;Les ambigu\u00eft\u00e9s de la tenue \u00e0 l&#8217;\u00e9cole. 1830-1880&#8221;, in : Historical Reflections.<\/p>\n<p>&#8220;STAPS et la recherche au pluriel&#8221; in : STAPS, n\u00b010.<\/p>\n<p>1985<br \/>\nIntroduction au colloque international &#8220;Anthropologie des techniques du corps&#8221; (14-16 mars 1984, Saint-Aygulf).<\/p>\n<p>&#8220;Les pratiques corporelles chez l&#8217;usager de la nature&#8221;, in : Actes du colloque\u00a0: Anthropologie des techniques du corps.<\/p>\n<p>&#8220;Techniques et technologies du corps&#8221;, in : Bulletin de psychologie, Octobre, 1985.<\/p>\n<p>&#8220;STAPS, \u00e9volution et publics&#8221;, in : Actes du colloque international de Marly le Roy, 24-27 septembre 1985.<\/p>\n<p>1986<br \/>\n&#8220;Le loisir et les didactiques du plaisir&#8221;, in : STAPS, Mai 1986.<\/p>\n<p>&#8220;La sant\u00e9 en \u00e9ducation physique&#8221;, in : R\u00e9flexion sur l&#8217;enseignement en EPS. Edit. EPS\/STAPS.<\/p>\n<p>&#8220;Naissance du club alpin fran\u00e7ais. La convivialit\u00e9, la nature et l&#8217;Etat. 1874-1880&#8221;. Ouvrage collectif (Dir. P. Arnaud) : La naissance du mouvement sportif associatif en France, P. U. L.<\/p>\n<p>&#8220;Corps d&#8217;historiens. Objets et territoires actuels. 1972-1985&#8221;. In : Ethnologie Fran\u00e7aise.<\/p>\n<p>&#8220;Note sur la constitution d&#8217;une discipline d&#8217;enseignement\u00a0: l&#8217;\u00e9ducation physique. XVIII \u00e8me-XX \u00e8me&#8221;, in : Histoire de l&#8217;\u00e9ducation, n\u00b030.<\/p>\n<p>1987<br \/>\n&#8220;Histoire du corps et de la maladie&#8221;, in : Historical Reflections, vol 14.<\/p>\n<p>&#8220;Grand air, plein air, pleine nature&#8221;, in : STAPS, Num\u00e9ro sp\u00e9cial CAPEPS.<\/p>\n<p>1988<\/p>\n<p>&#8220;Les le\u00e7ons de la for\u00eat vosgienne&#8221;. in : Saisons d&#8217;Alsace, n\u00b0101.<\/p>\n<p>1989<br \/>\nFilm-Video. Histoire des loisirs en France. 1936-1981. Essai de p\u00e9riodisation. 55 mn. Production : Centre de Recherches Europ\u00e9ennes en Education Corporelle (CREEC).<\/p>\n<p>&#8220;Deux \u00e9tapes de la discipline \u00e0 l&#8217;\u00e9cole (1840\/1968)\u00bb, \u00a0in : Quand et comment punir les enfants. Ouvrage collectif, Editions sociales de France. Paris.<\/p>\n<p>&#8220;Jeux et sports. Pour une histoire des jeux&#8221;, in : Cahiers d&#8217;histoire, T. XXXIV, n\u00b01, 1989.<\/p>\n<p>&#8220;\u00catre, para\u00eetre, appara\u00eetre. Histoire de la pr\u00e9sence physique&#8221;. in : Ethnologie Fran\u00e7aise, D\u00e9cembre,\u00a0n\u00b02.<\/p>\n<p>&#8220;La crise des ann\u00e9es 60 et ses r\u00e9percussions sur l&#8217;\u00e9ducation physique et sportive&#8221;, in : Actes du Colloque de Tours.<\/p>\n<p>1990<br \/>\n&#8220;La morale et les vertus du d\u00e9paysement&#8221;, in : Revue Autrement, Janvier 1990.<\/p>\n<p>&#8220;Due tappe della disciplina a scuola: 1830-1960&#8221;, in : Quando e come punire i bambini, (Coll.), Milan, ed. Raffaello Cortina.<\/p>\n<p>&#8220;Les imaginaires de l&#8217;eau en Alsace&#8221;, in : Bulletin de la Soci\u00e9t\u00e9 industrielle de Mulhouse, n\u00b0 817.<\/p>\n<p>&#8220;Schweik \u00e0 la Biblioth\u00e8que. Lecteurs et lectures \u00e0 la Biblioth\u00e8que Nationale et Universitaire&#8221;, in : Saisons d&#8217;Alsace, n\u00b0107.<\/p>\n<p>&#8220;Philosophie du loisir&#8221;, (article), in : L&#8217;Univers des Loisirs, Paris, Letouzey &amp; An\u00e9, (Concours du Centre National des Lettres).<\/p>\n<p>&#8220;\u00c9ducation physique&#8221;, &#8220;Corps&#8221;, &#8220;Loisirs&#8221;, (articles), in : Encyclop\u00e9die Philosophique universelle. Les notions philosophiques. Dictionnaire. (Dir. Aurous S.), P.U.F., T. 2.<\/p>\n<p>La didactique de l&#8217;\u00e9ducation physique. La le\u00e7on de saut en hauteur. Video, 30 min., Cr\u00e9ation C.R.E.E.C<\/p>\n<p>1991<br \/>\n&#8220;Brutalit\u00e9, violence, barbarie&#8221;, n sp\u00e9cial de la revue Ethnologie Fran\u00e7aise. (Direction et pr\u00e9sentation).<\/p>\n<p>&#8220;Combats d&#8217;apr\u00e8s-guerre. Carpentier-Dempsey: le symbole et l&#8217;affront.&#8221; in : Ethnologie Fran\u00e7aise, Juil-sept. 1991.<\/p>\n<p>&#8220;Valeur&#8221; et violence dans l&#8217;Olympisme&#8221;, Congr\u00e8s de l&#8217;Acad\u00e9mie Olympique.<\/p>\n<p>Was kann man von der Hochschulforschung in Sportwissenschaften erwarten zur Bildung einer sogenannten &#8220;europa\u00efschen Jugend ?, Conf\u00e9rence\/Gastvortrag, Universit\u00e4t Kaiserslautern.<\/p>\n<p>&#8220;Les montagnes du d\u00e9paysement&#8221;, in : Soci\u00e9t\u00e9s. Revue des Sciences Humaines et Sociales, n\u00b0 34,<\/p>\n<p>1992<br \/>\nFilm video Fronti\u00e8res. La gymnastique en Alsace\u00a0: 1860-1918. (26 mn.) Production CREEC-CRDP de Strasbourg (Production-Conception).<\/p>\n<p>&#8220;La conqu\u00eate des Vacances&#8221;, Emission Radio France Culture, (Dir. \u00c9. Contini), Juillet.<\/p>\n<p>&#8220;L&#8217;environnement au fil de l&#8217;eau. Un exemple\u00a0: L&#8217;Alsace&#8221;, in : Actes du Colloque: Capital Nature, Capital Sant\u00e9, Capital Loisirs, (Minist\u00e8re de l&#8217;Environnement, URA 344 (CNRS), Grenoble 14-15 Novembre 1991.<\/p>\n<p>&#8220;Boxe et contre-culture&#8221;, in : Revue Stadion. Internationale Zeitschrift f\u00fcr Geschichte des Sports , n\u00b0XVII, 1, (Cologne\/Amsterdam).<\/p>\n<p>&#8220;Marcel Cerdan et l&#8217;Am\u00e9rique&#8221;, in : Lib\u00e9ration, 24\/10\/1992<\/p>\n<p>Die Imagination der Gewalt: Boxen zwischen 1950 und 1980, Conf\u00e9rence\/Gastvortrag, Deutsche Sporthochschule K\u00f6ln, Institut f\u00fcr Sport Geschichte, 2 \/11\/ 1992<\/p>\n<p>&#8220;La violence n&#8217;est pas seulement corporelle&#8221;, in : Pratiques Corporelles, Revue de l&#8217;AFCFP, n\u00b097<\/p>\n<p>1993<br \/>\n&#8220;Violence et ma\u00eetrise de soi en boxe&#8221;, in : Le gouvernement de soi, Revue Communications (E.H.E.S.S.), \u00c9d. du Seuil, n\u00b0 56.<\/p>\n<p>Film video Les gymnastes entre deux guerres\u00a0: 1918-1939. (26 mn.) Production CREEC-CRDP de Strasbourg (Production-Conception).<\/p>\n<p>Bilder der Gewalt: boxen, Conf\u00e9rence\/Gastvortrag, Universit\u00e4t Mainz, Fachbereich Sport, F\u00e9vrier 1993.<\/p>\n<p>&#8220;Violence t\u00e9l\u00e9vis\u00e9e : les reality Show&#8221;, Emission Radio France Culture, F\u00e9vrier.<\/p>\n<p>&#8220;Sp\u00e9cial Boxe et Litt\u00e9rature&#8221;, in : Revue E.P.S. Mars 1993.<\/p>\n<p>&#8220;Boxe: l&#8217;Am\u00e9rique exporte sa violence&#8221;, in : Sport-Histoire.<\/p>\n<p>&#8220;Le sport. Objets et territoires actuels des sciences de l&#8217;homme&#8221;, in : Ethnologie Fran\u00e7aise, Mai 1993, n\u00b02, T. 23.<\/p>\n<p>&#8220;Culture d&#8217;une violence au XX \u00e8me si\u00e8cle&#8221;, in : Macolin, Revue de l&#8217;\u00c9cole F\u00e9d\u00e9rale de Sport de Macolin, Suisse, 3\/1993. (Public. en 3 langues, Fr., Ital., All.)<\/p>\n<p>&#8220;Mises en sc\u00e8ne du corps \u00e0 la Belle-Epoque&#8221;, in : Vingti\u00e8me si\u00e8cle, Revue d&#8217;Histoire, n\u00b0 40, Oct.\u00a0-D\u00e9c. 1993.<\/p>\n<p>&#8220;Regarde-moi, c&#8217;est moi. L&#8217;image sociale du corps&#8221;, in : Ecole des Parents et des Educateurs.<\/p>\n<p>&#8220;Vive les Vacances&#8221;, in : La Croix, 24\/07\/1993.<\/p>\n<p>&#8220;Bilder der Gewalt : boxen&#8221;, in : Sport und Medizin, G. Braun Fachverlage, Karlsruhe.<\/p>\n<p>&#8220;La boxe au cin\u00e9ma&#8221;, Emission radio France Culture, les Mardi du cin\u00e9ma, novembre.<\/p>\n<p>1994<br \/>\nArticle &#8220;Le corps&#8221;, in : Dictionnaire de l&#8217;Education, Ed. Nathan.<\/p>\n<p>&#8220;Boxe\u00a0: les enjeux de la brutalit\u00e9&#8221;, Le Journal des Psychologues,<\/p>\n<p>&#8220;Le recrutement d&#8217;enseignants chercheurs en STAPS&#8221;, Forum des \u00e9tudiants, Journ\u00e9es d&#8217;automne de l&#8217;A.C.A.P.S.<\/p>\n<p>&#8220;\u00c9pist\u00e9mologie d&#8217;une histoire du spectacle radiodiffus\u00e9. Un exemple : la boxe&#8221;, Actes du Colloque de la M.S.H. d&#8217;Aquitaine, Octobre 1993.<\/p>\n<p>&#8220;Boxe \u00e0 la t\u00e9l\u00e9vision. L&#8217;enjeu de l&#8217;imp\u00e9rialisme am\u00e9ricain 1939-1974&#8221;, in : Actes du Colloque : Sports et Relations Internationales (Metz, Sept. 1993).<\/p>\n<p>&#8220;L&#8217;Alsace au bain&#8221;, in : Sports et Loisirs en Alsace au XX \u00e8me si\u00e8cle (Dir. A. Rauch), \u00c9dit. Revue EPS\/CREEC.<\/p>\n<p>&#8220;Vacances : une crise peut en cacher une autre&#8221;, Saisons d&#8217;Alsace, Num\u00e9ro sp\u00e9cial &#8220;La crise&#8221;, Mars.<\/p>\n<p>&#8220;Combat sur les ondes. Le spectacle de boxe radiodiffus\u00e9&#8221;, Ethnologie Fran\u00e7aise, XXIV, 1994, 4.<\/p>\n<p>&#8220;La sant\u00e9. Enjeux de l&#8217;\u00e9ducation corporelle et jeux de l&#8217;apparence&#8221;, Publ. Revue E.P.S.<\/p>\n<p>1995<br \/>\n&#8220;Partirons-nous en vacances ? ou l&#8217;histoire des vacances des enfants&#8221; in : Vivent les vacances (coll. dir. M. Soul\u00e9), \u00c9ditions Sociales de France (E.S.F.).<\/p>\n<p>&#8220;Objets et territoires actuels de l&#8217;histoire des sports et de l&#8217;\u00e9ducation physique&#8221; (1980-1994), Ouv. coll. (Dir. G. Vigarello), \u00c9dit. EPS, Paris.<\/p>\n<p>&#8220;Du Palais des sports au &#8220;Vel&#8217;d&#8217;Hiv'&#8221; : lieux de m\u00e9moire du Paris populaire&#8221;, Revue Autrement, &#8220;Paris &#8211; 1944-54. Artistes, intellectuels, publics : la culture comme enjeu.<\/p>\n<p>&#8220;Le ring et l&#8217;\u00e9cran&#8221;, Cahiers Internationaux de Sociologie, Vol. XCVIII, 1995.<\/p>\n<p>&#8220;Les vacances et la nature revisit\u00e9e (1830-1939)&#8221;. (60 p.), in : L&#8217;av\u00e8nement des loisirs (1850-1960). Ed. Flammarion, (Dir. A. Corbin). Traduction italienne publi\u00e9e aux \u00e9ditions Laterza, Novembre 1996.<\/p>\n<p>1996<br \/>\n&#8220;La montagne &#8220;spirituelle&#8221; dans les r\u00e9cits d&#8217;exp\u00e9dition. De l&#8217;aventure au sacr\u00e9&#8221;, Revue Autrement, Num\u00e9ro sp\u00e9cial : &#8220;L&#8217;aventure&#8221;.<\/p>\n<p>&#8220;Courage against cupidity : Carpentier-Dempsey : Symbols of cultural confrontation&#8221;, European Heroes, Myth, Identity, Sport, Edited by R. Holt, J.A. Meagan, Frank Cass, London, 1996.<\/p>\n<p>&#8220;Sacr\u00e9es vacances&#8230;&#8221;, in : L&#8217;\u00e9cole des Parents, juin 1996, n\u00b06.<\/p>\n<p>&#8220;Zoom&#8221;, Rebonds, Journal Lib\u00e9ration, 30\/07\/1996.<\/p>\n<p>&#8220;L&#8217;\u00e9t\u00e9 36 en Alsace. Des grandes gr\u00e8ves aux premiers cong\u00e9s&#8221; (Dir. Keiflin C.), Pr\u00e9face, \u00c9ditions de la Nu\u00e9e Bleue, Strasbourg.<\/p>\n<p>&#8220;L&#8217;histoire de vos vacances&#8221; Collaboration \u00e0 une suite d&#8217;articles publi\u00e9s par L&#8217;\u00c9v\u00e9nement du Jeudi, Juillet-ao\u00fbt.<\/p>\n<p>1997<br \/>\n&#8220;L&#8217;hiver \u00e0 l&#8217;\u00e8re des charters&#8221;, D\u00e9bats, in : Lib\u00e9ration, 05 F\u00e9vrier.<\/p>\n<p>&#8220;La marche, la vie. Solitaire ou solidaire, ce geste fondateur&#8221;, Revue Autrement (Pr\u00e9sentation et direction), n\u00b0 171, Mai.<\/p>\n<p>&#8220;Paris-Strasbourg : la marche vers les provinces reconquises (1926-1996)\u00bb, \u00a0in : &#8220;La marche, la vie&#8221;, Revue Autrement, n\u00b0 171, Mai.<\/p>\n<p>Article &#8220;Boxe&#8221;, in : Encyclop\u00e9die d&#8217;Histoire de France, Encyclop\u00e9dies Bordas (S.G.E.D.).<\/p>\n<p>&#8220;Du guide bleu au guide du routard : les m\u00e9tamorphoses touristiques&#8221;, Revue des Sciences Sociales de l&#8217;Est de la France, juin 1997.<\/p>\n<p>&#8220;Activit\u00e9s physiques et sant\u00e9. Contradictions et conflits&#8221; in : Chercheurs et Praticiens, Publications EPS.<\/p>\n<p>&#8220;Quatre \u00e9v\u00e9nements sportifs en boxe&#8221;, Encyclop\u00e9die Bordas. Les grands moments du sport, Larousse\/Bordas, 1997 (Podium d&#8217;Or du Livre francophone du sport, 15\/09\/1998).<\/p>\n<p>&#8220;Moi ? Froid ? Jamais&#8221;, in : Saisons d&#8217;Alsace Froid dehors, chaud dedans, d\u00e9c. 1997.<\/p>\n<p>&#8220;Le temps du sport&#8221;, in : Actes du Colloque de Bombannes (USEP\/UFOLEP).<\/p>\n<p>1998<br \/>\n&#8220;Les mobilit\u00e9s touristiques&#8221;, in : Actes du Colloque des soci\u00e9t\u00e9s de g\u00e9ographes &#8211; Saint-Di\u00e9.<\/p>\n<p>&#8220;Des cong\u00e9s pay\u00e9s aux vacances int\u00e9gr\u00e9es (1936-1996)&#8221; in : Tourismes, Touristes, Soci\u00e9t\u00e9s, L&#8217;Harmattan (Collection Tourisme et Soci\u00e9t\u00e9s), 1998.<\/p>\n<p>&#8220;Hygi\u00e8ne, entra\u00eenement et comp\u00e9tition&#8221;, Pr\u00e9venir (Direct : D. Durand), 1er semestre, n\u00b0 34.<\/p>\n<p>&#8220;Voyager : les vraies vacances ?&#8221;, (Direction et public) in : Cultures en mouvement, Mai, n\u00b0 9.<\/p>\n<p>&#8220;L&#8217;oreille et l&#8217;\u0153il sur le sport. De la radio \u00e0 la t\u00e9l\u00e9vision &#8211; 1920-1995-&#8220;, Communications, Publ. de l&#8217;EHESS. Le Seuil, n\u00b0 67.<\/p>\n<p>&#8220;Sport et hygi\u00e8ne \u00e0 la naissance de l&#8217;Olympisme moderne&#8221;, Actes du Colloque Pierre de Coubertin et l&#8217;Olympisme, Le Havre 1997, Public. du Comit\u00e9 International Pierre de Coubertin.<\/p>\n<p>1999<br \/>\n&#8220;L&#8217;enfant du pays. Le h\u00e9ros sportif r\u00e9gional (1920-1980)\u00bb, \u00a0Vingti\u00e8me si\u00e8cle. Revue d&#8217;histoire, Janv-mars 1999, n\u00b0 61.<\/p>\n<p>&#8220;L&#8217;esprit des vacances&#8221;, in : Cahiers du G.D.R. CNRS 553, Tourisme, lieux et R\u00e9seaux, n\u00b0 2, 1999<\/p>\n<p>&#8220;L&#8217;\u00e8re des pratiques sportives&#8221;, Science &amp; Motricit\u00e9, n\u00b0 34.<\/p>\n<p>&#8220;Le sport et la sant\u00e9&#8221;, Actes du Colloque de l&#8217;HISPES, Lyon.<\/p>\n<p>&#8220;Vacances de jeunesse : nature et sociabilit\u00e9&#8221;, Jeunesse en plein air, Document INJEP, n\u00b0 39.<\/p>\n<p>&#8220;Les &#8220;barjots&#8221;, jeunes rebelles du handball&#8221; (en coll. avec R. Huesca), Agora. D\u00e9bats-Jeunesse, L&#8217;Harmattan, n\u00b0 16, 2e trimestre 1999.<\/p>\n<p>&#8220;Champions. Vainqueurs ou manipul\u00e9s ?&#8221; (Dir.) Dossier, Cultures en mouvement, Juil. 1999, n\u00b0 19.<\/p>\n<p>&#8220;Mike Tyson, le &#8220;loser magnifique&#8221;, Cultures en mouvement, Juil. 1999, n\u00b0 19.<\/p>\n<p>2000<br \/>\n&#8220;L&#8217;Orient dans l\u2019essor du tourisme au XIXe si\u00e8cle&#8221;, Relations Internationales, Revue UNESCO\/CNRS, n\u00b0102, \u00e9t\u00e9 2000.<\/p>\n<p>\u00ab\u00a0Dossier\u00a0: Les 35 heures\u00a0\u00bb, Lib\u00e9ration, 03\/07\/2000.<\/p>\n<p>&#8220;Du Joanne au Routard : le style des guides de tourisme&#8221;, Actes du Colloque : Les guides imprim\u00e9s du XVIeme au XXeme si\u00e8cle. Villes, paysages, voyages, (Dir. G. Chabaud, \u00c9. Cohen, J. Penez), \u00c9dit. Belin, 2000.<\/p>\n<p>\u00ab\u00a0Les destins du masculin\u00a0\u00bb, in\u00a0: Cultures en Mouvement, Avril 2000, n\u00b0 26.<\/p>\n<p>\u00ab\u00a0L\u2019Homme et la Nature\u00a0\u00bb, in Actes du Congr\u00e8s \u00ab\u00a0Penser la Mutation\u00a0\u00bb, Cultures en Mouvement, 10-13 Mai 2000<\/p>\n<p>\u00ab\u00a0Histoire des vacances\u00a0\u00bb, in\u00a0: Un si\u00e8cle d\u2019\u00e9ducation, Le Monde de l\u2019\u00c9ducation, Juillet-ao\u00fbt 2000, n\u00b0283.<\/p>\n<p>2001<br \/>\n\u00abCulte et d\u00e9clin de la virilit\u00e9\u00a0\u00bb, Sciences Humaines, n\u00b0 112, Janvier<\/p>\n<p>\u00ab\u00a0La chirurgie esth\u00e9tique au masculin\u00a0\u00bb, Le Monde, Dossier 12\/01<\/p>\n<p>\u00ab\u00a0\u00c9loge de l\u2019inculture\u00a0\u00bb, Rebonds, Lib\u00e9ration, 04\/02<\/p>\n<p>R\u00e9\u00e9dition\u00a0: Vacances en France de 1830 \u00e0 nos jours, Hachette-Pluriel, 311 p.<\/p>\n<p>R\u00e9\u00e9dition\u00a0: Crise de l\u2019identit\u00e9 masculine (1789-1914), Hachette-Pluriel, 298 p.<\/p>\n<p>R\u00e9\u00e9dition\u00a0: &#8220;Les vacances et la nature revisit\u00e9e (1830-1939)\u00bb\u00a0. (60 p.), in : L&#8217;av\u00e8nement des loisirs (1850-1960). Flammarion-Champs,(\u00a0Dir. A. Corbin).<\/p>\n<p>\u00ab\u00a0Le cercle des affam\u00e9s\u00a0\u00bb, in\u00a0: Autrement, Le casse-cro\u00fbte, mars<\/p>\n<p>\u00ab\u00a0Le temps des loisirs\u00a0\u00bb, in\u00a0: Dialogue, La lettre des Ressources Humaines<\/p>\n<p>\u00ab\u00a0Le tourisme familial. Un r\u00e9v\u00e9lateur des nouveaux mod\u00e8les de sociabilit\u00e9 (1950-2000), Actes du Congr\u00e8s du Bureau International du Tourisme, Naples, 15-18 juin 2000<\/p>\n<p>\u00ab\u00a0Les symboles de la virilit\u00e9 bafou\u00e9e\u00a0\u00bb, in\u00a0: Histoire et Anthropologie, n\u00b0 23, 2e semestre 2001<\/p>\n<p>\u00ab\u00a0Phokion-Heinrich Clias. Un cours analytique et gradu\u00e9\u00a0\u00bb, in\u00a0: Anthologie comment\u00e9e des textes historiques de l\u2019\u00e9ducation physique et du sport, \u00c9dit. EPS<\/p>\n<p>\u00ab\u00a0Histoire du tourisme\u00a0\u00bb in\u00a0: Actes du Congr\u00e8s \u00ab\u00a0La Recherche en Tourisme\u00a0\u00bb du CETIA, Universit\u00e9 de Toulouse le Mirail, 02-03 Mai 2000, mars<\/p>\n<p>\u00ab\u00a0Le temps des loisirs\u00a0\u00bb, Congr\u00e8s Temps Plus, La Gazette des Communes (Introd.)<\/p>\n<p>\u00ab\u00a0Histoire des loisirs et mutation du tourisme social (1936-2000)\u00bb, Congr\u00e8s annuel des CEMEA, Paris, nov. 2000, mars<\/p>\n<p>\u00ab\u00a0Repr\u00e9sentations du corps\u00a0: les enjeux de l\u2019apparence\u00a0\u00bb, in\u00a0: Percevoir\u00a0: monde et langage. Invariance et variabilit\u00e9 du sens v\u00e9cu. (Dir\u00a0: Keller D., Durafour J.P., Bonnot J.F.P., Sock R.), Mardaga.<\/p>\n<p>\u00ab\u00a0Passions vosgiennes\u00a0\u00bb, in\u00a0: Un si\u00e8cle de ski dans les Vosges, La Nu\u00e9e Bleue, \u00c9ditions de l\u2019Est<\/p>\n<p>\u00ab\u00a0Les loisirs sous la tente : Traditions et innovations d&#8217;une pratique sociale\u00a0\u00bb, in\u00a0: Ethnologie Fran\u00e7aise, Oct-D\u00e9c 2001<\/p>\n<p>2002<br \/>\n\u00ab\u00a0Touriste, autochtone\u00a0: Qui est l\u2019\u00e9tranger\u00a0\u00bb, Ethnologie Fran\u00e7aise (Dir. &amp; Introd.), Juillet-Septembre 2002\/3<\/p>\n<p>\u00ab\u00a0Les usages du temps libre \u00bb, in\u00a0: La culture de masse en France de la Belle \u00c9poque \u00e0 aujourd\u2019hui (Dir. F. Sirinelli, J.P. Rioux), Fayard<\/p>\n<p>\u00ab\u00a0Vacationing on France\u2019s C\u00f4te d\u2019Azur (1950-2000)\u00bb, in\u00a0: Water, Leisure &amp; Culture. European Historical Perspectives, Dir\u00a0: Susan C. Anderson, Berg Publisher, New York, U.S.A.<\/p>\n<p>\u00ab\u00a0XXe si\u00e8cle\u00a0: conqu\u00eate du temps libre\u00a0\u00bb, Informations sociales, n\u00b0 100, Juillet<\/p>\n<p>2003<br \/>\n\u00ab\u00a0Les loisirs, un temps lib\u00e9r\u00e9\u00a0?\u00a0\u00bb, Revue\u00a0 Projet, n\u00b0 271, Mars<\/p>\n<p>\u00ab\u00a0Fronti\u00e8res du corps\u00a0: la civilit\u00e9 \u00bb, M\u00e9langes Freddy Rapha\u00ebl, Universit\u00e9 Marc Bloch de Strasbourg, Septembre<\/p>\n<p>\u00ab\u00a0Le corps dans la litt\u00e9rature de l\u2019ascension extr\u00eame (XIXe-XXe si\u00e8cle)\u00a0\u00bb, Actes du colloque \u00ab\u00a0Le corps extr\u00eame\u00a0\u00bb, C.N.R.S., Marseille, septembre<\/p>\n<p>\u00ab\u00a0La figure du p\u00e8re \u00e0 travers les ans\u00a0\u00bb, Revue Autrement, Le p\u00e8re disparu.<\/p>\n<p>2004<br \/>\n\u00ab\u00a0Valeur\u00a0\u00bb et violence dans l\u2019Olympisme\u00a0\u00bb, in\u00a0: Olympischer Dreiklang. Werte \u2013 Geschichite \u2013 Zeitgeist, (Dir. M. Messing, N. M\u00fcller, H. Preuss), Agon Sportverlag, Kassel, Allemagne<\/p>\n<p>\u00ab\u00a0Le droit au corps des femmes\u00a0\u00bb, in\u00a0: Le D\u00e9tour, Revue des Sciences Humaines, n\u00b0 3, 2004.<\/p>\n<p>\u00ab\u00a0Culte et d\u00e9clin de la virilit\u00e9\u00a0\u00bb, in\u00a0: <span style=\"text-decoration: underline;\">Identit\u00e9s. L\u2019individu, le groupe, la soci\u00e9t\u00e9<\/span>. (dir\u00a0: Halpern Catherine &amp; Ruano-Borbalan Jean-Claude), \u00e9ditions Sciences Humaines.<\/p>\n<p>2005<\/p>\n<p>\u00ab\u00a0Sois un homme, mon fils\u00a0\u00bb, in\u00a0: L\u2019Histoire, n\u00b0 297, Avril 2005.<\/p>\n<p>\u00ab\u00a0Quand les Fran\u00e7ais gagn\u00e8rent la c\u00f4te d\u2019Azur\u00a0\u00bb, in\u00a0: Hommage \u00e0 Georges Cazes, \u00c9ditions de l\u2019Aube.<\/p>\n<p>\u00ab\u00a0Amours et sport au masculin\u00a0\u00bb, in\u00a0: Actes du Colloque Sport et Genre, Lyon 2004, L\u2019Harmattan, T. 1.<\/p>\n<p>\u00ab\u00a0Le corps souverain sous la V e R\u00e9publique en France. Les fun\u00e9railles t\u00e9l\u00e9vis\u00e9es du G\u00e9n\u00e9ral De Gaulle et de Fran\u00e7ois Mitterrand. 1970-1996\u00a0\u00bb, en collaboration avec \u00c9velyne Cohen, in Revue XX e si\u00e8cle. Revue d\u2019histoire, octobre-d\u00e9cembre, n\u00b0 88.<\/p>\n<p>\u00ab\u00a0Le camping-cariste est un touriste qui se r\u00eave aventurier\u00a0\u00bb, VDL Magazine, Janvier 2006, n\u00b0 68.<\/p>\n<p>2006<\/p>\n<p>R\u00e9\u00e9dition\u00a0: \u00ab\u00a0Les usages du temps libre \u00bb, in\u00a0: La culture de masse en France de la Belle \u00c9poque \u00e0 aujourd\u2019hui (Dir. F. Sirinelli, J.P. Rioux), Hachette-Pluriel.<\/p>\n<p>\u00ab\u00a0Un 1936 des femmes\u00a0\u00bb, Lumi\u00e8res sur le CCAS, Paris, \u00e9ditions Cercle d\u2019Art.<\/p>\n<p>\u00ab\u00a0La virginit\u00e9 de Sainte Odile et la libert\u00e9 de Marianne \u00bb, in\u00a0: La R\u00e9publique en repr\u00e9sentations. Autour de l&#8217;\u0153uvre de Maurice Agulhon, (Dir. Agulhon Maurice, Becker Annette et Cohen Evelyne), Publications de la Sorbonne.<\/p>\n<p>\u00ab\u00a0Faire du sport dans les normes\u00a0\u00bb, in\u00a0: Tout ce que vous avez voulu savoir sans jamais oser le demander (Dir. Michel Soul\u00e9), Edit. Er\u00e8s.<\/p>\n<p>\u00ab\u00a0Cent ans de vacances, un si\u00e8cle d\u2019images, des milliers de r\u00eave\u00a0\u00bb in\u00a0: catalogue de l\u2019exposition\u00a0: Un si\u00e8cle d\u2019affiches de vacances, Biblioth\u00e8que Fornay, Paris, Publication Des Mus\u00e9es de Paris.<\/p>\n<p>\u00ab\u00a0Le coup de boule de Zizou sauvera-t-il notre virilit\u00e9 de sa crise\u00a0?\u00a0\u00bb, in\u00a0: A quoi r\u00eavent les hommes\u00a0? (Dir\u00a0: Frydman Ren\u00e9 &amp; Flis-Tr\u00e8ves Muriel), \u00e9dit. Odile Jacob.<\/p>\n<p>2007<\/p>\n<p>\u00ab\u00a0Threatening Virility in the French Banlieues, 1989-2005\u00a0\u00bb, in\u00a0: French Masculinities, History, Culture and Politics, (Edited by Forth Christopher &amp; Taithe Bertrand), Palgrave Macmillan, Houndmills, Basingstoke, Hampshire.<\/p>\n<p>\u00ab\u00a0Apparence et transparence. Du regard des autres \u00e0 la sensation de soi\u00a0\u00bb, in\u00a0: le corps, le sujet, l\u2019alt\u00e9rit\u00e9, Revue Fran\u00e7aise de Yoga, n\u00b0 35, Janvier 2007.<\/p>\n<p>\u00ab\u00a0Corps noirs pour \u00e9crans couleur (1964-1996)\u00a0\u00bb, in\u00a0: Evelyne Cohen &amp; Marie-Fran\u00e7oise L\u00e9vy (dir.), La t\u00e9l\u00e9vision des trente glorieuses. Culture et politique, CNRS Editions.<\/p>\n<p>\u00ab\u00a0Les guides, une mani\u00e8re d\u2019\u00eatre dans la ville touristique. Visiter Florence avec le Baedeker, le guide Autrement et le Routard\u00a0\u00bb, in\u00a0: Knafou R\u00e9my &amp;Duhamel Philippe (Dir.), Mondes urbains du Tourisme, \u00e9dit. Belin.<\/p>\n<p>\u00ab\u00a0Menaces viriles sur les banlieues fran\u00e7aises. 1989-2005\u00a0\u00bb, in\u00a0: Hommes et masculinit\u00e9s de 1789 \u00e0 nos jours, Autrement, Collection M\u00e9moires\/Histoire, Septembre,<\/p>\n<p>2008<\/p>\n<p>\u00ab\u00a0Mixit\u00e9 et sexualit\u00e9 \u00e0 l\u2019\u00e9cole. Histoire ragaillardie du corps\u00a0\u00bb in Revue XX e si\u00e8cle. Revue d\u2019histoire, Avril, .<\/p>\n<p>\u00ab\u00a0Le manuel de gymnastique\u00a0: une grande utopie p\u00e9dagogique du XIX e si\u00e8cle\u00a0\u00bb, in\u00a0: Wacker Christian &amp; Marxen Robert (Dir.), Olympia \u2013 Ideal und Wirklichkeit, LIT Verlag, Berlin.<\/p>\n<p>\u00ab\u00a0Sommes-nous devenus d\u00e9pendants de normes de sant\u00e9\u00a0?\u00a0\u00bb, in Alcoologie et addictologie, Mars 2008, Tome 30, n\u00b0 1.<\/p>\n<p>\u00ab\u00a0Les pionniers du plat r\u00e9gional et du vin de pays\u00a0&#8211; France, 1920-1940 \u00bb. in\u00a0: Voyages en gastronomies. L\u2019invention des capitales et des r\u00e9gions gourmandes (Dir. Csergo Julia), \u00e9ditions Autrement, coll. Mutations.<\/p>\n<p>\u00ab\u00a0Loisirs\u00a0\u00bb, article pour Dictionnaire de la V e R\u00e9publique, \u00e9dit. A. Colin<\/p>\n<p>2009<\/p>\n<p>\u00ab\u00a0Handicaps\u00a0: entre discrimination et exclusion \u00bb, (dir. A. Rauch) in\u00a0: Ethnologie fran\u00e7aise, Juillet.<\/p>\n<p>\u00ab\u00a0Le coup de boule de Zizou\u00a0: crise de notre virilit\u00e9\u00a0?\u00a0\u00bb, in\u00a0: Sextant, \u00ab\u00a0Masculinit\u00e9s\u00a0\u00bb Publications de l\u2019Universit\u00e9 Libre de Bruxelles.<\/p>\n<p>\u00ab\u00a0Loisirs\u00a0\u00bb, \u00ab\u00a0Tourisme\u00a0\u00bb, \u00ab\u00a0corps\u00a0\u00bb, in\u00a0: Dictionnaire d\u2019histoire culturelle de la France contemporaine, P.U.F.<\/p>\n<p>\u00ab\u00a0Cap\u00a0: sant\u00e9, loisir et bien-\u00eatre. XIX e XXI e si\u00e8cle\u00a0\u00bb, in\u00a0: Destination Normandie. Deux si\u00e8cles de tourisme XIX-XX e si\u00e8cles, Continents-Edition.<\/p>\n<p>\u00ab\u00a0Histoire, l\u2019hypoth\u00e8se du masculin \u00bb, Bulletin de l\u2019Association pour le D\u00e9veloppement de l\u2019Histoire Culturelle, n\u00b0 8-septembre 2009.<\/p>\n<p><strong>2010<\/strong><\/p>\n<p>\u00ab\u00a0Le voyageur et le touriste\u00a0\u00bb, in\u00a0: In Situ, revue des patrimoines, d\u00e9cembre.<\/p>\n<p>\u00ab\u00a0De la virilit\u00e9 aux masculinit\u00e9s. Une br\u00e8ve histoire de l\u2019identit\u00e9 masculine\u00a0\u00bb, in Bulletin de la Ligue de l\u2019Enseignement.<\/p>\n<p>\u00ab\u00a0Un temps pour Dieu, un temps pour soi\u00a0\u00bb, La Rencontre des M\u00e9moires\u00a0: M\u00e9moire et Religions, Strasbourg, 10-12 mai.<\/p>\n<p>\u00ab\u00a0L\u2019av\u00e8nement de la gymnastique en Alsace\u00a0\u00bb, DNA, sp\u00e9cial 100 ans de sports en Alsace.<\/p>\n<p><strong>2011<\/strong><\/p>\n<p>\u00ab\u00a0Le d\u00e9fi sportif, une exp\u00e9rience de la virilit\u00e9 \u00bb in\u00a0: Corbin, Alain (Dir.), Histoire de la virilit\u00e9, Tome 2, Le Seuil.<\/p>\n<p>\u00ab\u00a0Quelques pistes d\u2019historien sur le masculin\u00a0\u00bb, in\u00a0: D. Welzer-Lang et C. Zaouche Gaudron (Eds.), Masculinit\u00e9s : \u00e9tat des lieux. Toulouse : Eres.<\/p>\n<p>\u00ab\u00a0L\u2019\u00e9v\u00e9nement amoureux dans le grand \u00e2ge\u00a0\u00bb, Table-ronde, Forum Europ\u00e9en de Bio-Ethique, Strasbourg, (Pr. Nisand Isra\u00ebl), f\u00e9vrier.<\/p>\n<p>\u00ab\u00a0Boxe\u00a0\u00bb, in\u00a0: Dictionnaire de la violence, P.U.F.<\/p>\n<p>\u00ab\u00a0Histoire\u00a0: l\u2019hypoth\u00e8se du masculin\u00a0\u00bb, in\u00a0: Dix ans d\u2019histoire culturelle, ENSSIB.<\/p>\n<p><strong>2012<\/strong><\/p>\n<p>\u00ab\u00a0Plaidoyer d\u2019Assises en faveur de la misogynie. Riom 1936\u00a0\u00bb, in\u00a0: L\u2019historien, le juge et l\u2019assassin, (Dir. Myriam Tsikounas, Andr\u00e9 Rauch), Publications de la Sorbonne.<\/p>\n<p>\u00ab\u00a0P\u00e2ques et le printemps\u00a0\u00bb, in\u00a0: En Alsace, mars<\/p>\n<p>\u00ab\u00a0Du temps libre.. mais bien rempli\u00a0\u00bb, Historia, Les 30 glorieuses, Hors s\u00e9rie, Juin<\/p>\n<p>\u00ab\u00a0N\u2019est pas un h\u00e9ros qui veut\u00a0\u00bb, Pr\u00e9face, Saisons d\u2019Alsace, Le Panth\u00e9on alsacien, Juin 2012, n\u00b0 52<\/p>\n<p>\u00ab\u00a0Les grands maillots d\u2019Alsace\u00a0\u00bb, Saisons d\u2019Alsace, Le Panth\u00e9on alsacien, Juin 2012, n\u00b0 52<\/p>\n<p>\u00ab\u00a0R\u00e9silience\u00a0et d\u00e9fi sportif \u00bb, in\u00a0: 1<sup>er<\/sup> Congr\u00e8s Mondial sur la R\u00e9silience (Pr\u00e9sidence\u00a0: Boris Cyrulnik, Laurent-\u00c9ric Le Lay), juin.<\/p>\n<p>\u00ab\u00a0Au Panth\u00e9on des grands maillots\u00a0\u00bb, in\u00a0: Colloque Eurosport\u00a0: Le sportif, h\u00e9ros en temps de paix, 19 Septembre 2012<\/p>\n<p><strong>2013<\/strong><\/p>\n<p>\u00ab\u00a0L\u2019atelier du peintre\u00a0\u00bb, Catalogue de l\u2019exposition\u00a0: <u>Un \u00e9t\u00e9 au bord de l\u2019eau \u2013 Loisirs et impressionnisme<\/u>, Mus\u00e9e de Caen, 2012\/13. Publication des Mus\u00e9es de Paris.<\/p>\n<p>\u00ab\u00a0Masculinit\u00e9s\u00a0\u00bb, in\u00a0: <u>Dictionnaire des sexualit\u00e9s<\/u> (Dir\u00a0: Janine Mossuz-Lavau)<\/p>\n<p>\u00ab\u00a0Figures viriles\u00a0: Le sportif, le soldat, le p\u00e8re\u00a0\u00bb in\u00a0: <u>Clio. Revue suisse sur les dialectiques de l\u2019histoire. N\u00b0 13 \u2013 2013. \u00c9ditions Antipode<\/u>, Gen\u00e8ve, (Suisse)<\/p>\n<p><u>Paresse. Histoire d\u2019un p\u00e9ch\u00e9 capital<\/u>, \u00e9ditions Armand Colin, octobre,<\/p>\n<p><strong>2014<\/strong><\/p>\n<p>\u00ab\u00a0Une semaine de sport \u00e0 la t\u00e9l\u00e9vision. Septembre 1967\u00a0\u00bb, in\u00a0: <u>Une semaine ordinaire de t\u00e9l\u00e9vision<\/u>, (Dir. \u00c9velyne Cohen), \u00e9dit. Les Presses Universitaires de Rennes.<\/p>\n<p>\u00ab\u00a0Les catholiques face aux loisirs. Crises et d\u00e9veloppements\u00a0\u00bb, Universit\u00e9 Catholique de Lille, d\u00e9cembre 2014<\/p>\n<p><strong>2015<\/strong><\/p>\n<p><u>Paresse. Histoire d\u2019un p\u00e9ch\u00e9 capital<\/u>, traduction en langue chinoise, \u00c9ditions Shanghai Bookstore Publishing House<\/p>\n<p><strong>2016<\/strong><\/p>\n<p><u>Luxure. Une histoire entre p\u00e9ch\u00e9 et jouissance<\/u>, \u00c9ditions Dunod, collection Armand Colin, octobre,<\/p>\n<p><u>Le sarcasme du mal. Histoire de la cruaut\u00e9 depuis la Renaissance<\/u>, (Direction et Introductions, Fr\u00e9d\u00e9ric Chauvaud, Andr\u00e9 Rauch), Presses Universitaires de Rennes, juin 2016<\/p>\n<p>\u00ab\u00a0Cruaut\u00e9 au mus\u00e9e\u00a0\u00bb, in\u00a0:\u00a0<u>Le sarcasme du mal. Histoire de la cruaut\u00e9 depuis la Renaissance<\/u>, Presses Universitaires de Rennes, juin 2016<\/p>\n<p>\u00ab\u00a0Le vivre ensemble des salari\u00e9s alsaciens en cong\u00e9s\u00a0\u00bb, in\u00a0: <u>La Saisons d\u2019Alsace. Des grandes gr\u00e8ves aux premiers cong\u00e9s pay\u00e9s<\/u>, N\u00b0 68.<\/p>\n<p><strong>2017<\/strong><\/p>\n<p>\u00ab\u00a0Gloire et mis\u00e8re de la virilit\u00e9\u00a0\u00bb, Conf\u00e9rence, \u00c9cole du Louvre, Octobre<\/p>\n<p>\u00ab\u00a0Entre Empire et R\u00e9publique. La place de la R\u00e9publique de Strasbourg \u00bb, S\u00e9minaire Les places de la R\u00e9publique, ENSSIB Lyon<\/p>\n<p><strong>2018<\/strong><\/p>\n<p><u>Le Premier sexe<\/u>, Traduction en langue ukrainienne, \u00c9ditions Osvony, Kiev, Ukraine<\/p>\n<p>\u00ab\u00a0R\u00f4les masculins, corps d\u2019hommes\u00a0\u00bb, S\u00e9minaire Rusemeg, Aix-en-Provence, Publication MMSH Aix-en-Provence.<\/p>\n<p>\u00ab\u00a0Corps d\u2019Hier, Corps d\u2019aujourd\u2019hui\u00a0\u00bb, Rencontre des M\u00e9moires, Strasbourg, Publication Canop\u00e9e, Novembre, Strasbourg, pp. 181-189.<\/p>\n<p><strong>2019<\/strong><\/p>\n<p>Conf\u00e9rence Salon du Livre Becherel\u00a0: Histoire de la Paresse<\/p>\n<p><strong>2020<\/strong><\/p>\n<p>Journ\u00e9e Paternit\u00e9, Universit\u00e9 de Lille. \u00ab\u00a0Le p\u00e8re retrouv\u00e9. XIXe-XXIe si\u00e8cle\u00a0\u00bb.<\/p>\n<p>Journ\u00e9e de l\u2019\u00e9loquence, Aix en Provence\u00a0: \u00ab\u00a0Histoire de la Luxure\u00a0\u00bb.<\/p>\n<p>\u00ab\u00a0Parfum de femme. Du cin\u00e9ma d\u2019hier \u00e0 la sensibilit\u00e9 d\u2019aujourd\u2019hui\u00a0\u00bb in\u00a0: <u>L\u2019actualit\u00e9 Nouvelle Aquitaine<\/u><\/p>\n<p>\u00ab\u00a0History\u00a0: The Masculine Hypothesis\u00a0\u00bb, in\u00a0: <u>Cultural History in France<\/u>, Routledge, New York &amp; London, 2020.<\/p>\n<p>Comptes-rendus de livres :<\/p>\n<p>Michel Pastoureau, Jaune. Histoire d&#8217;une couleur (Revue d&#8217;Histoire Culturelle RHC)<\/p>\n<p>Georges Vigarello, Histoire de la fatigue (Revue Esprit)<\/p>\n<p>Jean-No\u00ebl Jeanneney, Le Rocher de S\u00fcsten (RHC)<\/p>\n<p>Alain Corbin, Terra Incognita (RHC)<\/p>\n<p><strong id=\"2021\">2021<\/strong><\/p>\n<p>\u00ab\u00a0Le journaliste, l\u2019amour et le criminel\u00a0\u00bb in\u00a0: <u>L\u2019actualit\u00e9 Nouvelle Aquitaine<\/u><\/p>\n<p>\u00ab\u00a0Les temps du voyage en zigzag de Rodolphe T\u00f6pffer\u00a0\u00bb, Revue d\u2019Histoire Culturelle, oct. 2021, n\u00b0 3.<\/p>\n<p><em>L\u2019envie, une passion tourment\u00e9e<\/em>, \u00c9ditions Champ Vallon.<\/p>\n<p>Carte Blanche \u00e0 Andr\u00e9 Rauch, Entretien avec Julien Fuchs, Nancy Midol, Gilles Bui-Xuan, Revue STAPS, \u00c9dition De Boeck, HS Hors S\u00e9rie, pp 165-178, 2021.<\/p>\n<p><strong>2022<\/strong><\/p>\n<p>\u00ab\u00a0C\u2019est bon. C\u2019est moi. J\u2019ai tu\u00e9 ma femme\u00a0\u00bb, in Chauvaud Fr\u00e9d\u00e9ric (Dir.), <em>Histoire du f\u00e9minicide<\/em>, Presses Universitaires de Rennes.<\/p>\n<p><strong>2023<\/strong><\/p>\n<p>&#8220;Une passion tourment\u00e9e&#8221;, in : Rapha\u00eblle Laubie (Dir.) <em>Envier ou avoir envie<\/em>, \u00c9ditions Eyrolles,<\/p>\n<p><strong>2024<\/strong><\/p>\n<p><em>Discours inaugural pour le vernissage de l&#8217;exposition &#8220;Frisbee&#8221;, au Mus\u00e9e W\u00fcrth, 26\/01\/2024<\/em><\/p>\n<p><em>Histoire des p\u00e9ch\u00e9s capitaux<\/em>, Presses Universitaires de Rennes, Collection \u00c9pures.<\/p>\n<p>&#8220;La R\u00e9publique \u00e0 Strasbourg. Ses places et ses symboles&#8221;, en cours.<\/p>\n<p>\u00ab La Ligne verte des Vosges \u00bb, <em>Les Saisons d&#8217;Alsace<\/em>, mai 2024.<\/p>\n<p><strong>2025<\/strong><\/p>\n<p><em>&#8220;Les sept p\u00e9ch\u00e9 capitaux&#8221;<\/em>, Conf\u00e9rence-d\u00e9bat, Universit\u00e9 de Rennes, 2025<\/p>\n<p><em>Il \u00e9tait une fois&#8230; la paternit\u00e9, <\/em>\u00c9mission t\u00e9l\u00e9vis\u00e9e, 50 minutes<em>, Arte, <\/em>Mercredi 16 avril 2025, \u00e0 21 heures 50<\/p>\n<p>&nbsp;<\/p>\n<p>&nbsp;<\/p>\n","protected":false},"excerpt":{"rendered":"<p>LIVRES 2021 1982 Le corps en \u00e9ducation physique. Histoire et principes de l&#8217;entra\u00eenement, Presses Universitaires de France, Paris. 1983 Le souci du corps. Histoire de l&#8217;hygi\u00e8ne en \u00e9ducation physique, Presses Universitaires de France. Paris. 1985 El cuerpo en la educacion &hellip; <a href=\"https:\/\/andre-rauch.eu\/wordpress\/publications\/\">Continuer la lecture <span class=\"meta-nav\">&rarr;<\/span><\/a><\/p>\n","protected":false},"author":1,"featured_media":0,"parent":0,"menu_order":0,"comment_status":"closed","ping_status":"closed","template":"","meta":{"footnotes":""},"class_list":["post-13","page","type-page","status-publish","hentry"],"_links":{"self":[{"href":"https:\/\/andre-rauch.eu\/wordpress\/wp-json\/wp\/v2\/pages\/13","targetHints":{"allow":["GET"]}}],"collection":[{"href":"https:\/\/andre-rauch.eu\/wordpress\/wp-json\/wp\/v2\/pages"}],"about":[{"href":"https:\/\/andre-rauch.eu\/wordpress\/wp-json\/wp\/v2\/types\/page"}],"author":[{"embeddable":true,"href":"https:\/\/andre-rauch.eu\/wordpress\/wp-json\/wp\/v2\/users\/1"}],"replies":[{"embeddable":true,"href":"https:\/\/andre-rauch.eu\/wordpress\/wp-json\/wp\/v2\/comments?post=13"}],"version-history":[{"count":46,"href":"https:\/\/andre-rauch.eu\/wordpress\/wp-json\/wp\/v2\/pages\/13\/revisions"}],"predecessor-version":[{"id":353,"href":"https:\/\/andre-rauch.eu\/wordpress\/wp-json\/wp\/v2\/pages\/13\/revisions\/353"}],"wp:attachment":[{"href":"https:\/\/andre-rauch.eu\/wordpress\/wp-json\/wp\/v2\/media?parent=13"}],"curies":[{"name":"wp","href":"https:\/\/api.w.org\/{rel}","templated":true}]}}